{"id":12566,"date":"2020-12-04T15:33:55","date_gmt":"2020-12-04T15:33:55","guid":{"rendered":"https:\/\/countydonegalfrs.ie\/glentiesfrs\/?page_id=12566"},"modified":"2025-11-04T14:46:24","modified_gmt":"2025-11-04T14:46:24","slug":"nuacht","status":"publish","type":"page","link":"https:\/\/countydonegalfrs.ie\/glentiesfrs\/index.php\/nuacht\/","title":{"rendered":"Nuacht"},"content":{"rendered":"\t\t<div data-elementor-type=\"wp-page\" data-elementor-id=\"12566\" class=\"elementor elementor-12566\" data-elementor-settings=\"[]\">\n\t\t\t\t\t\t<div class=\"elementor-inner\">\n\t\t\t\t\t\t\t<div class=\"elementor-section-wrap\">\n\t\t\t\t\t\t\t<section class=\"elementor-section elementor-top-section elementor-element elementor-element-7004d7a elementor-section-boxed elementor-section-height-default elementor-section-height-default\" data-id=\"7004d7a\" data-element_type=\"section\">\n\t\t\t\t\t\t<div class=\"elementor-container elementor-column-gap-default\">\n\t\t\t\t\t\t\t<div class=\"elementor-row\">\n\t\t\t\t\t<div class=\"elementor-column elementor-col-100 elementor-top-column elementor-element elementor-element-01fa8a1\" data-id=\"01fa8a1\" data-element_type=\"column\">\n\t\t\t<div class=\"elementor-column-wrap elementor-element-populated\">\n\t\t\t\t\t\t\t<div class=\"elementor-widget-wrap\">\n\t\t\t\t\t\t<div class=\"elementor-element elementor-element-7060360 elementor-widget elementor-widget-text-editor\" data-id=\"7060360\" data-element_type=\"widget\" data-widget_type=\"text-editor.default\">\n\t\t\t\t<div class=\"elementor-widget-container\">\n\t\t\t\t\t<div class=\"elementor-text-editor elementor-clearfix\"><p><!-- wp:heading {\"level\":3} --><\/p>\n<h3 data-wahfont=\"15\">Nuachtlitreacha:<\/h3>\n<div>\n<p data-wahfont=\"14\">D\u00e9anfar nuachtlitir tionscadail a uasl\u00f3d\u00e1il gach tr\u00ed mh\u00ed, ina mbeidh eolas ar ghn\u00edomha\u00edochta\u00ed a rinneadh le d\u00e9ana\u00ed, gn\u00edomha\u00edochta\u00ed at\u00e1 le teacht agus eolas \u00e1bhartha eile.<\/p>\n<\/div>\n<p><!-- \/wp:heading --><!-- wp:media-text {\"mediaId\":12203,\"mediaType\":\"image\",\"mediaWidth\":24,\"isStackedOnMobile\":false,\"className\":\"alignwide\"} --><\/p>\n<div class=\"wp-block-media-text alignwide\" style=\"grid-template-columns: 24% auto;\">\n<figure class=\"wp-block-media-text__media\"><img loading=\"lazy\" class=\"alignnone wp-image-12419 size-full\" src=\"https:\/\/countydonegalfrs.ie\/glentiesfrs\/wp-content\/uploads\/2020\/10\/Glenties8.jpg\" alt=\"\" width=\"995\" height=\"700\" srcset=\"https:\/\/countydonegalfrs.ie\/glentiesfrs\/wp-content\/uploads\/2020\/10\/Glenties8.jpg 995w, https:\/\/countydonegalfrs.ie\/glentiesfrs\/wp-content\/uploads\/2020\/10\/Glenties8-300x211.jpg 300w, https:\/\/countydonegalfrs.ie\/glentiesfrs\/wp-content\/uploads\/2020\/10\/Glenties8-768x540.jpg 768w, https:\/\/countydonegalfrs.ie\/glentiesfrs\/wp-content\/uploads\/2020\/10\/Glenties8-400x281@2x.jpg 800w, https:\/\/countydonegalfrs.ie\/glentiesfrs\/wp-content\/uploads\/2020\/10\/Glenties8-615x433.jpg 615w, https:\/\/countydonegalfrs.ie\/glentiesfrs\/wp-content\/uploads\/2020\/10\/Glenties8-400x281.jpg 400w, https:\/\/countydonegalfrs.ie\/glentiesfrs\/wp-content\/uploads\/2020\/10\/Glenties8-292x205.jpg 292w, https:\/\/countydonegalfrs.ie\/glentiesfrs\/wp-content\/uploads\/2020\/10\/Glenties8-300x211@2x.jpg 600w, https:\/\/countydonegalfrs.ie\/glentiesfrs\/wp-content\/uploads\/2020\/10\/Glenties8-292x205@2x.jpg 584w\" sizes=\"(max-width: 995px) 100vw, 995px\" \/><\/figure>\n<div class=\"wp-block-media-text__content\">\n<p><!-- wp:paragraph --><\/p>\n<p style=\"margin: 0cm 0cm 0.0001pt; line-height: 15pt; background-image: initial; background-position: initial; background-size: initial; background-repeat: initial; background-attachment: initial; background-origin: initial; background-clip: initial;\"><a href=\"https:\/\/countydonegalfrs.ie\/glentiesfrs\/wp-content\/uploads\/2020\/11\/DB1_Glenties_OPC-Newsletter.pdf\"><strong><span style=\"font-size: 10.5pt; font-family: Arial, sans-serif; padding: 0cm; border: 1pt none windowtext;\">Nuachlitir Na Gleannta SFT 01<\/span><\/strong><\/a><span class=\"MsoCommentReference\"><span style=\"font-size: 8.0pt; font-family: 'Calibri',sans-serif; mso-ascii-theme-font: minor-latin; mso-fareast-font-family: Calibri; mso-fareast-theme-font: minor-latin; mso-hansi-theme-font: minor-latin; mso-bidi-font-family: 'Times New Roman'; mso-bidi-theme-font: minor-bidi; mso-fareast-language: EN-US;\"><!-- [if !supportAnnotations]--><\/span><\/span><\/p>\n<p style=\"margin: 12pt 0cm; line-height: 15pt; background-image: initial; background-position: initial; background-size: initial; background-repeat: initial; background-attachment: initial; background-origin: initial; background-clip: initial;\">I Nuachtlitir 1 t\u00e1 an ch\u00e9ad nuashonr\u00fa r\u00e1ithi\u00fail ina bhfuil eolas ar ch\u00falra an staid\u00e9ir, an ch\u00e9im ag a bhfuil an staid\u00e9ar, cur s\u00edos ar chl\u00e1r na Sc\u00e9ime agus ar na ch\u00e9ad ch\u00e9imeanna eile den tionscadal.<\/p>\n<div>\n<p><!-- [if !supportAnnotations]--><\/p>\n<div>\n<div id=\"_com_1\" class=\"msocomtxt\">\n<p><!-- [if !supportAnnotations]--><\/p>\n<\/div>\n<p><!--[endif]--><\/p>\n<\/div>\n<\/div>\n<\/div>\n<\/div>\n<div class=\"wp-block-media-text alignwide\" style=\"grid-template-columns: 24% auto;\">\n<div class=\"wp-block-media-text__content\"><!-- \/wp:paragraph --><\/div>\n<\/div>\n<p><!-- \/wp:media-text --><\/p><\/div>\n\t\t\t\t<\/div>\n\t\t\t\t<\/div>\n\t\t\t\t\t\t<\/div>\n\t\t\t\t\t<\/div>\n\t\t<\/div>\n\t\t\t\t\t\t\t\t<\/div>\n\t\t\t\t\t<\/div>\n\t\t<\/section>\n\t\t\t\t<section class=\"elementor-section elementor-top-section elementor-element elementor-element-3422fed elementor-section-boxed elementor-section-height-default elementor-section-height-default\" data-id=\"3422fed\" data-element_type=\"section\">\n\t\t\t\t\t\t<div class=\"elementor-container elementor-column-gap-default\">\n\t\t\t\t\t\t\t<div class=\"elementor-row\">\n\t\t\t\t\t<div class=\"elementor-column elementor-col-100 elementor-top-column elementor-element elementor-element-45eca44\" data-id=\"45eca44\" data-element_type=\"column\">\n\t\t\t<div class=\"elementor-column-wrap elementor-element-populated\">\n\t\t\t\t\t\t\t<div class=\"elementor-widget-wrap\">\n\t\t\t\t\t\t<div class=\"elementor-element elementor-element-7626740 elementor-widget elementor-widget-text-editor\" data-id=\"7626740\" data-element_type=\"widget\" data-widget_type=\"text-editor.default\">\n\t\t\t\t<div class=\"elementor-widget-container\">\n\t\t\t\t\t<div class=\"elementor-text-editor elementor-clearfix\"><p><!-- wp:heading {\"level\":3} --><\/p>\n<div>\n<p data-wahfont=\"14\">\u00a0<\/p>\n<\/div>\n<p><!-- \/wp:heading --><!-- wp:media-text {\"mediaId\":12203,\"mediaType\":\"image\",\"mediaWidth\":24,\"isStackedOnMobile\":false,\"className\":\"alignwide\"} --><\/p>\n<div class=\"wp-block-media-text alignwide\" style=\"grid-template-columns: 24% auto;\">\n<figure class=\"wp-block-media-text__media\"><img loading=\"lazy\" class=\"alignnone wp-image-12433 size-medium\" src=\"https:\/\/countydonegalfrs.ie\/glentiesfrs\/wp-content\/uploads\/2020\/10\/Glenties2-300x211.jpg\" alt=\"\" width=\"300\" height=\"211\" srcset=\"https:\/\/countydonegalfrs.ie\/glentiesfrs\/wp-content\/uploads\/2020\/10\/Glenties2-300x211.jpg 300w, https:\/\/countydonegalfrs.ie\/glentiesfrs\/wp-content\/uploads\/2020\/10\/Glenties2-768x540.jpg 768w, https:\/\/countydonegalfrs.ie\/glentiesfrs\/wp-content\/uploads\/2020\/10\/Glenties2-400x281@2x.jpg 800w, https:\/\/countydonegalfrs.ie\/glentiesfrs\/wp-content\/uploads\/2020\/10\/Glenties2-615x433.jpg 615w, https:\/\/countydonegalfrs.ie\/glentiesfrs\/wp-content\/uploads\/2020\/10\/Glenties2-400x281.jpg 400w, https:\/\/countydonegalfrs.ie\/glentiesfrs\/wp-content\/uploads\/2020\/10\/Glenties2-292x205.jpg 292w, https:\/\/countydonegalfrs.ie\/glentiesfrs\/wp-content\/uploads\/2020\/10\/Glenties2.jpg 995w, https:\/\/countydonegalfrs.ie\/glentiesfrs\/wp-content\/uploads\/2020\/10\/Glenties2-300x211@2x.jpg 600w, https:\/\/countydonegalfrs.ie\/glentiesfrs\/wp-content\/uploads\/2020\/10\/Glenties2-292x205@2x.jpg 584w\" sizes=\"(max-width: 300px) 100vw, 300px\" \/><\/figure>\n<div class=\"wp-block-media-text__content\">\n<p><!-- wp:paragraph --><\/p>\n<p style=\"margin: 0cm 0cm 0.0001pt; line-height: 15pt; background-image: initial; background-position: initial; background-size: initial; background-repeat: initial; background-attachment: initial; background-origin: initial; background-clip: initial;\"><a href=\"https:\/\/countydonegalfrs.ie\/glentiesfrs\/wp-content\/uploads\/2021\/06\/Glenties-FRS-Newsletter-02_Irish.pdf\"><strong><span style=\"font-size: 10.5pt; font-family: Arial, sans-serif; padding: 0cm; border: 1pt none windowtext;\">Nuachlitir Na Gleannta SFT 02<\/span><\/strong><\/a><span class=\"MsoCommentReference\"><span style=\"font-size: 8.0pt; font-family: 'Calibri',sans-serif; mso-ascii-theme-font: minor-latin; mso-fareast-font-family: Calibri; mso-fareast-theme-font: minor-latin; mso-hansi-theme-font: minor-latin; mso-bidi-font-family: 'Times New Roman'; mso-bidi-theme-font: minor-bidi; mso-fareast-language: EN-US;\"><!-- [if !supportAnnotations]--><\/span><\/span><\/p>\n<p>I Nuachtlitir 2 t\u00e1 an dara nuashonr\u00fa r\u00e1ithi\u00fail a shol\u00e1thra\u00edonn faisn\u00e9is faoi ch\u00falra an staid\u00e9ir, c\u00e9im an staid\u00e9ir, tuairisc ar chl\u00e1r na Sc\u00e9ime agus na ch\u00e9ad ch\u00e9imeanna eile den tionscadal.<\/p>\n<div>\n<p><!-- [if !supportAnnotations]--><\/p>\n<div>\n<div id=\"_com_1\" class=\"msocomtxt\">\n<p><!-- [if !supportAnnotations]--><\/p>\n<\/div>\n<p><!--[endif]--><\/p>\n<\/div>\n<\/div>\n<\/div>\n<\/div>\n<div class=\"wp-block-media-text alignwide\" style=\"grid-template-columns: 24% auto;\">\n<div class=\"wp-block-media-text__content\"><!-- \/wp:paragraph --><\/div>\n<\/div>\n<p><!-- \/wp:media-text --><\/p><\/div>\n\t\t\t\t<\/div>\n\t\t\t\t<\/div>\n\t\t\t\t\t\t<\/div>\n\t\t\t\t\t<\/div>\n\t\t<\/div>\n\t\t\t\t\t\t\t\t<\/div>\n\t\t\t\t\t<\/div>\n\t\t<\/section>\n\t\t\t\t<section class=\"elementor-section elementor-top-section elementor-element elementor-element-6764dc6 elementor-section-boxed elementor-section-height-default elementor-section-height-default\" data-id=\"6764dc6\" data-element_type=\"section\">\n\t\t\t\t\t\t<div class=\"elementor-container elementor-column-gap-default\">\n\t\t\t\t\t\t\t<div class=\"elementor-row\">\n\t\t\t\t\t<div class=\"elementor-column elementor-col-100 elementor-top-column elementor-element elementor-element-8c98ac4\" data-id=\"8c98ac4\" data-element_type=\"column\">\n\t\t\t<div class=\"elementor-column-wrap elementor-element-populated\">\n\t\t\t\t\t\t\t<div class=\"elementor-widget-wrap\">\n\t\t\t\t\t\t<div class=\"elementor-element elementor-element-0ce6e3c elementor-widget elementor-widget-text-editor\" data-id=\"0ce6e3c\" data-element_type=\"widget\" data-widget_type=\"text-editor.default\">\n\t\t\t\t<div class=\"elementor-widget-container\">\n\t\t\t\t\t<div class=\"elementor-text-editor elementor-clearfix\"><p><!-- wp:heading {\"level\":3} --><\/p>\n<div>\n<p data-wahfont=\"14\">\u00a0<\/p>\n<\/div>\n<p><!-- \/wp:heading --><!-- wp:media-text {\"mediaId\":12203,\"mediaType\":\"image\",\"mediaWidth\":24,\"isStackedOnMobile\":false,\"className\":\"alignwide\"} --><\/p>\n<div class=\"wp-block-media-text alignwide\" style=\"grid-template-columns: 24% auto;\">\n<figure class=\"wp-block-media-text__media\"><img loading=\"lazy\" class=\"alignnone wp-image-12419 size-full\" src=\"https:\/\/countydonegalfrs.ie\/glentiesfrs\/wp-content\/uploads\/2020\/10\/Glenties8.jpg\" alt=\"\" width=\"995\" height=\"700\" srcset=\"https:\/\/countydonegalfrs.ie\/glentiesfrs\/wp-content\/uploads\/2020\/10\/Glenties8.jpg 995w, https:\/\/countydonegalfrs.ie\/glentiesfrs\/wp-content\/uploads\/2020\/10\/Glenties8-300x211.jpg 300w, https:\/\/countydonegalfrs.ie\/glentiesfrs\/wp-content\/uploads\/2020\/10\/Glenties8-768x540.jpg 768w, https:\/\/countydonegalfrs.ie\/glentiesfrs\/wp-content\/uploads\/2020\/10\/Glenties8-400x281@2x.jpg 800w, https:\/\/countydonegalfrs.ie\/glentiesfrs\/wp-content\/uploads\/2020\/10\/Glenties8-615x433.jpg 615w, https:\/\/countydonegalfrs.ie\/glentiesfrs\/wp-content\/uploads\/2020\/10\/Glenties8-400x281.jpg 400w, https:\/\/countydonegalfrs.ie\/glentiesfrs\/wp-content\/uploads\/2020\/10\/Glenties8-292x205.jpg 292w, https:\/\/countydonegalfrs.ie\/glentiesfrs\/wp-content\/uploads\/2020\/10\/Glenties8-300x211@2x.jpg 600w, https:\/\/countydonegalfrs.ie\/glentiesfrs\/wp-content\/uploads\/2020\/10\/Glenties8-292x205@2x.jpg 584w\" sizes=\"(max-width: 995px) 100vw, 995px\" \/><\/figure>\n<div class=\"wp-block-media-text__content\">\n<p><!-- wp:paragraph --><\/p>\n<p style=\"margin: 0cm 0cm 0.0001pt; line-height: 15pt; background-image: initial; background-position: initial; background-size: initial; background-repeat: initial; background-attachment: initial; background-origin: initial; background-clip: initial;\"><a href=\"https:\/\/countydonegalfrs.ie\/glentiesfrs\/wp-content\/uploads\/2021\/06\/Glenties-Newsletter-3-Irish-translation-1.pdf\"><strong><span style=\"font-size: 10.5pt; font-family: Arial, sans-serif; padding: 0cm; border: 1pt none windowtext;\">Nuachlitir Na Gleannta SFT 03<\/span><\/strong><\/a><span class=\"MsoCommentReference\"><span style=\"font-size: 8.0pt; font-family: 'Calibri',sans-serif; mso-ascii-theme-font: minor-latin; mso-fareast-font-family: Calibri; mso-fareast-theme-font: minor-latin; mso-hansi-theme-font: minor-latin; mso-bidi-font-family: 'Times New Roman'; mso-bidi-theme-font: minor-bidi; mso-fareast-language: EN-US;\"><!-- [if !supportAnnotations]--><\/span><\/span><\/p>\n<p>I Nuachtlitir 3 t\u00e1 an tr\u00ed\u00fa nuashonr\u00fa r\u00e1ithi\u00fail a shol\u00e1thra\u00edonn faisn\u00e9is faoi ch\u00falra an staid\u00e9ir, c\u00e9im an staid\u00e9ir, tuairisc ar chl\u00e1r na Sc\u00e9ime agus na ch\u00e9ad ch\u00e9imeanna eile den tionscadal.<\/p>\n<div>\n<p><!-- [if !supportAnnotations]--><\/p>\n<div>\n<div id=\"_com_1\" class=\"msocomtxt\">\n<p><!-- [if !supportAnnotations]--><\/p>\n<\/div>\n<p><!--[endif]--><\/p>\n<\/div>\n<\/div>\n<\/div>\n<\/div>\n<div class=\"wp-block-media-text alignwide\" style=\"grid-template-columns: 24% auto;\">\n<div class=\"wp-block-media-text__content\"><!-- \/wp:paragraph --><\/div>\n<\/div>\n<p><!-- \/wp:media-text --><\/p><\/div>\n\t\t\t\t<\/div>\n\t\t\t\t<\/div>\n\t\t\t\t\t\t<\/div>\n\t\t\t\t\t<\/div>\n\t\t<\/div>\n\t\t\t\t\t\t\t\t<\/div>\n\t\t\t\t\t<\/div>\n\t\t<\/section>\n\t\t\t\t<section class=\"elementor-section elementor-top-section elementor-element elementor-element-ea39a8e elementor-section-boxed elementor-section-height-default elementor-section-height-default\" data-id=\"ea39a8e\" data-element_type=\"section\">\n\t\t\t\t\t\t<div class=\"elementor-container elementor-column-gap-default\">\n\t\t\t\t\t\t\t<div class=\"elementor-row\">\n\t\t\t\t\t<div class=\"elementor-column elementor-col-100 elementor-top-column elementor-element elementor-element-52fe414\" data-id=\"52fe414\" data-element_type=\"column\">\n\t\t\t<div class=\"elementor-column-wrap elementor-element-populated\">\n\t\t\t\t\t\t\t<div class=\"elementor-widget-wrap\">\n\t\t\t\t\t\t<div class=\"elementor-element elementor-element-3e49a50 elementor-widget elementor-widget-text-editor\" data-id=\"3e49a50\" data-element_type=\"widget\" data-widget_type=\"text-editor.default\">\n\t\t\t\t<div class=\"elementor-widget-container\">\n\t\t\t\t\t<div class=\"elementor-text-editor elementor-clearfix\"><p><!-- wp:heading {\"level\":3} --><\/p>\n<div>\n<p data-wahfont=\"14\">\u00a0<\/p>\n<\/div>\n<p><!-- \/wp:heading --><!-- wp:media-text {\"mediaId\":12203,\"mediaType\":\"image\",\"mediaWidth\":24,\"isStackedOnMobile\":false,\"className\":\"alignwide\"} --><\/p>\n<div class=\"wp-block-media-text alignwide\" style=\"grid-template-columns: 24% auto;\">\n<figure class=\"wp-block-media-text__media\"><img loading=\"lazy\" class=\"alignnone wp-image-12419 size-full\" src=\"https:\/\/countydonegalfrs.ie\/glentiesfrs\/wp-content\/uploads\/2020\/10\/Glenties8.jpg\" alt=\"\" width=\"995\" height=\"700\" srcset=\"https:\/\/countydonegalfrs.ie\/glentiesfrs\/wp-content\/uploads\/2020\/10\/Glenties8.jpg 995w, https:\/\/countydonegalfrs.ie\/glentiesfrs\/wp-content\/uploads\/2020\/10\/Glenties8-300x211.jpg 300w, https:\/\/countydonegalfrs.ie\/glentiesfrs\/wp-content\/uploads\/2020\/10\/Glenties8-768x540.jpg 768w, https:\/\/countydonegalfrs.ie\/glentiesfrs\/wp-content\/uploads\/2020\/10\/Glenties8-400x281@2x.jpg 800w, https:\/\/countydonegalfrs.ie\/glentiesfrs\/wp-content\/uploads\/2020\/10\/Glenties8-615x433.jpg 615w, https:\/\/countydonegalfrs.ie\/glentiesfrs\/wp-content\/uploads\/2020\/10\/Glenties8-400x281.jpg 400w, https:\/\/countydonegalfrs.ie\/glentiesfrs\/wp-content\/uploads\/2020\/10\/Glenties8-292x205.jpg 292w, https:\/\/countydonegalfrs.ie\/glentiesfrs\/wp-content\/uploads\/2020\/10\/Glenties8-300x211@2x.jpg 600w, https:\/\/countydonegalfrs.ie\/glentiesfrs\/wp-content\/uploads\/2020\/10\/Glenties8-292x205@2x.jpg 584w\" sizes=\"(max-width: 995px) 100vw, 995px\" \/><\/figure>\n<div class=\"wp-block-media-text__content\">\n<p><!-- wp:paragraph --><\/p>\n<p style=\"margin: 0cm 0cm 0.0001pt; line-height: 15pt; background-image: initial; background-position: initial; background-size: initial; background-repeat: initial; background-attachment: initial; background-origin: initial; background-clip: initial;\"><a href=\"https:\/\/countydonegalfrs.ie\/glentiesfrs\/wp-content\/uploads\/2021\/09\/Glenties-Newsletter-4-Irish-translation.pdf\"><strong><span style=\"font-size: 10.5pt; font-family: Arial, sans-serif; padding: 0cm; border: 1pt none windowtext;\">Nuachlitir Na Gleannta SFT 04<\/span><\/strong><\/a><span class=\"MsoCommentReference\"><span style=\"font-size: 8.0pt; font-family: 'Calibri',sans-serif; mso-ascii-theme-font: minor-latin; mso-fareast-font-family: Calibri; mso-fareast-theme-font: minor-latin; mso-hansi-theme-font: minor-latin; mso-bidi-font-family: 'Times New Roman'; mso-bidi-theme-font: minor-bidi; mso-fareast-language: EN-US;\"><!-- [if !supportAnnotations]--><\/span><\/span><\/p>\n<p>I nuachtlitir 4 t\u00e1 an ceathr\u00fa nuashonr\u00fa r\u00e1ithi\u00fail a shol\u00e1thra\u00edonn faisn\u00e9is faoi ch\u00falra an staid\u00e9ir, c\u00e9im an staid\u00e9ir, tuairisc ar chl\u00e1r na Sc\u00e9ime agus na ch\u00e9ad ch\u00e9imeanna eile den tionscadal.<\/p>\n<div>\n<p><!-- [if !supportAnnotations]--><\/p>\n<div>\n<div id=\"_com_1\" class=\"msocomtxt\">\n<p><!-- [if !supportAnnotations]--><\/p>\n<\/div>\n<p><!--[endif]--><\/p>\n<\/div>\n<\/div>\n<\/div>\n<\/div>\n<div class=\"wp-block-media-text alignwide\" style=\"grid-template-columns: 24% auto;\">\n<div class=\"wp-block-media-text__content\"><!-- \/wp:paragraph --><\/div>\n<\/div>\n<p><!-- \/wp:media-text --><\/p><\/div>\n\t\t\t\t<\/div>\n\t\t\t\t<\/div>\n\t\t\t\t<div class=\"elementor-element elementor-element-ed81362 elementor-widget elementor-widget-text-editor\" data-id=\"ed81362\" data-element_type=\"widget\" data-widget_type=\"text-editor.default\">\n\t\t\t\t<div class=\"elementor-widget-container\">\n\t\t\t\t\t<div class=\"elementor-text-editor elementor-clearfix\"><p><!-- wp:heading {\"level\":3} --><\/p>\n<div>\n<p data-wahfont=\"14\">\u00a0<\/p>\n<\/div>\n<p><!-- \/wp:heading --><!-- wp:media-text {\"mediaId\":12203,\"mediaType\":\"image\",\"mediaWidth\":24,\"isStackedOnMobile\":false,\"className\":\"alignwide\"} --><\/p>\n<div class=\"wp-block-media-text alignwide\" style=\"grid-template-columns: 24% auto;\">\n<figure class=\"wp-block-media-text__media\"><img loading=\"lazy\" class=\"alignnone wp-image-12419 size-full\" src=\"https:\/\/countydonegalfrs.ie\/glentiesfrs\/wp-content\/uploads\/2020\/10\/Glenties8.jpg\" alt=\"\" width=\"995\" height=\"700\" srcset=\"https:\/\/countydonegalfrs.ie\/glentiesfrs\/wp-content\/uploads\/2020\/10\/Glenties8.jpg 995w, https:\/\/countydonegalfrs.ie\/glentiesfrs\/wp-content\/uploads\/2020\/10\/Glenties8-300x211.jpg 300w, https:\/\/countydonegalfrs.ie\/glentiesfrs\/wp-content\/uploads\/2020\/10\/Glenties8-768x540.jpg 768w, https:\/\/countydonegalfrs.ie\/glentiesfrs\/wp-content\/uploads\/2020\/10\/Glenties8-400x281@2x.jpg 800w, https:\/\/countydonegalfrs.ie\/glentiesfrs\/wp-content\/uploads\/2020\/10\/Glenties8-615x433.jpg 615w, https:\/\/countydonegalfrs.ie\/glentiesfrs\/wp-content\/uploads\/2020\/10\/Glenties8-400x281.jpg 400w, https:\/\/countydonegalfrs.ie\/glentiesfrs\/wp-content\/uploads\/2020\/10\/Glenties8-292x205.jpg 292w, https:\/\/countydonegalfrs.ie\/glentiesfrs\/wp-content\/uploads\/2020\/10\/Glenties8-300x211@2x.jpg 600w, https:\/\/countydonegalfrs.ie\/glentiesfrs\/wp-content\/uploads\/2020\/10\/Glenties8-292x205@2x.jpg 584w\" sizes=\"(max-width: 995px) 100vw, 995px\" \/><\/figure>\n<div class=\"wp-block-media-text__content\">\n<p><!-- wp:paragraph --><\/p>\n<p style=\"margin: 0cm 0cm 0.0001pt; line-height: 15pt; background-image: initial; background-position: initial; background-size: initial; background-repeat: initial; background-attachment: initial; background-origin: initial; background-clip: initial;\"><a href=\"https:\/\/countydonegalfrs.ie\/glentiesfrs\/wp-content\/uploads\/2021\/12\/Irish-Translation-Glenties-Newsletter-5.pdf\"><strong><span style=\"font-size: 10.5pt; font-family: Arial, sans-serif; padding: 0cm; border: 1pt none windowtext;\">Nuachlitir Na Gleannta SFT 05<\/span><\/strong><\/a><span class=\"MsoCommentReference\"><span style=\"font-size: 8.0pt; font-family: 'Calibri',sans-serif; mso-ascii-theme-font: minor-latin; mso-fareast-font-family: Calibri; mso-fareast-theme-font: minor-latin; mso-hansi-theme-font: minor-latin; mso-bidi-font-family: 'Times New Roman'; mso-bidi-theme-font: minor-bidi; mso-fareast-language: EN-US;\"><!-- [if !supportAnnotations]--><\/span><\/span><\/p>\n<p>I Nuachtlitir 5 t\u00e1 an c\u00faigi\u00fa nuashonr\u00fa r\u00e1ithi\u00fail a shol\u00e1thra\u00edonn faisn\u00e9is faoi ch\u00falra an staid\u00e9ir, c\u00e9im an staid\u00e9ir, tuairisc ar chl\u00e1r na Sc\u00e9ime agus na ch\u00e9ad ch\u00e9imeanna eile den tionscadal.<\/p>\n<div>\n<p><!-- [if !supportAnnotations]--><\/p>\n<div>\n<div id=\"_com_1\" class=\"msocomtxt\">\n<p><!-- [if !supportAnnotations]--><\/p>\n<\/div>\n<p><!--[endif]--><\/p>\n<\/div>\n<\/div>\n<\/div>\n<\/div>\n<div class=\"wp-block-media-text alignwide\" style=\"grid-template-columns: 24% auto;\">\n<div class=\"wp-block-media-text__content\"><!-- \/wp:paragraph --><\/div>\n<\/div>\n<p><!-- \/wp:media-text --><\/p><\/div>\n\t\t\t\t<\/div>\n\t\t\t\t<\/div>\n\t\t\t\t<div class=\"elementor-element elementor-element-427c18a elementor-widget elementor-widget-text-editor\" data-id=\"427c18a\" data-element_type=\"widget\" data-widget_type=\"text-editor.default\">\n\t\t\t\t<div class=\"elementor-widget-container\">\n\t\t\t\t\t<div class=\"elementor-text-editor elementor-clearfix\"><p><!-- wp:heading {\"level\":3} --><\/p>\n<div>\n<p data-wahfont=\"14\">\u00a0<\/p>\n<\/div>\n<p><!-- \/wp:heading --><!-- wp:media-text {\"mediaId\":12203,\"mediaType\":\"image\",\"mediaWidth\":24,\"isStackedOnMobile\":false,\"className\":\"alignwide\"} --><\/p>\n<div class=\"wp-block-media-text alignwide\" style=\"grid-template-columns: 24% auto;\">\n<figure class=\"wp-block-media-text__media\"><img loading=\"lazy\" class=\"alignnone wp-image-12419 size-full\" src=\"https:\/\/countydonegalfrs.ie\/glentiesfrs\/wp-content\/uploads\/2020\/10\/Glenties8.jpg\" alt=\"\" width=\"995\" height=\"700\" srcset=\"https:\/\/countydonegalfrs.ie\/glentiesfrs\/wp-content\/uploads\/2020\/10\/Glenties8.jpg 995w, https:\/\/countydonegalfrs.ie\/glentiesfrs\/wp-content\/uploads\/2020\/10\/Glenties8-300x211.jpg 300w, https:\/\/countydonegalfrs.ie\/glentiesfrs\/wp-content\/uploads\/2020\/10\/Glenties8-768x540.jpg 768w, https:\/\/countydonegalfrs.ie\/glentiesfrs\/wp-content\/uploads\/2020\/10\/Glenties8-400x281@2x.jpg 800w, https:\/\/countydonegalfrs.ie\/glentiesfrs\/wp-content\/uploads\/2020\/10\/Glenties8-615x433.jpg 615w, https:\/\/countydonegalfrs.ie\/glentiesfrs\/wp-content\/uploads\/2020\/10\/Glenties8-400x281.jpg 400w, https:\/\/countydonegalfrs.ie\/glentiesfrs\/wp-content\/uploads\/2020\/10\/Glenties8-292x205.jpg 292w, https:\/\/countydonegalfrs.ie\/glentiesfrs\/wp-content\/uploads\/2020\/10\/Glenties8-300x211@2x.jpg 600w, https:\/\/countydonegalfrs.ie\/glentiesfrs\/wp-content\/uploads\/2020\/10\/Glenties8-292x205@2x.jpg 584w\" sizes=\"(max-width: 995px) 100vw, 995px\" \/><\/figure>\n<div class=\"wp-block-media-text__content\">\n<p><!-- wp:paragraph --><\/p>\n<p style=\"margin: 0cm 0cm 0.0001pt; line-height: 15pt; background-image: initial; background-position: initial; background-size: initial; background-repeat: initial; background-attachment: initial; background-origin: initial; background-clip: initial;\"><a href=\"https:\/\/countydonegalfrs.ie\/glentiesfrs\/wp-content\/uploads\/2022\/03\/Glenties-Newsletter-06-Irish-Translation.pdf\"><strong><span style=\"font-size: 10.5pt; font-family: Arial, sans-serif; padding: 0cm; border: 1pt none windowtext;\">Nuachlitir Na Gleannta SFT 06<\/span><\/strong><\/a><span class=\"MsoCommentReference\"><span style=\"font-size: 8.0pt; font-family: 'Calibri',sans-serif; mso-ascii-theme-font: minor-latin; mso-fareast-font-family: Calibri; mso-fareast-theme-font: minor-latin; mso-hansi-theme-font: minor-latin; mso-bidi-font-family: 'Times New Roman'; mso-bidi-theme-font: minor-bidi; mso-fareast-language: EN-US;\"><!-- [if !supportAnnotations]--><\/span><\/span><\/p>\n<p>I Nuachtlitir 6 t\u00e1 an s\u00e9\u00fa nuashonr\u00fa r\u00e1ithi\u00fail a shol\u00e1thra\u00edonn faisn\u00e9is faoi ch\u00falra an staid\u00e9ir, c\u00e9im an staid\u00e9ir, tuairisc ar chl\u00e1r na Sc\u00e9ime agus na ch\u00e9ad ch\u00e9imeanna eile den tionscadal.<\/p>\n<div>\n<p><!-- [if !supportAnnotations]--><\/p>\n<div>\n<div id=\"_com_1\" class=\"msocomtxt\">\n<p><!-- [if !supportAnnotations]--><\/p>\n<\/div>\n<p><!--[endif]--><\/p>\n<\/div>\n<\/div>\n<\/div>\n<\/div>\n<div class=\"wp-block-media-text alignwide\" style=\"grid-template-columns: 24% auto;\">\n<div class=\"wp-block-media-text__content\"><!-- \/wp:paragraph --><\/div>\n<\/div>\n<p><!-- \/wp:media-text --><\/p><\/div>\n\t\t\t\t<\/div>\n\t\t\t\t<\/div>\n\t\t\t\t<div class=\"elementor-element elementor-element-e78022e elementor-widget elementor-widget-text-editor\" data-id=\"e78022e\" data-element_type=\"widget\" data-widget_type=\"text-editor.default\">\n\t\t\t\t<div class=\"elementor-widget-container\">\n\t\t\t\t\t<div class=\"elementor-text-editor elementor-clearfix\"><p><!-- wp:heading {\"level\":3} --><\/p>\n<div>\n<p data-wahfont=\"14\">\u00a0<\/p>\n<\/div>\n<p><!-- \/wp:heading --><!-- wp:media-text {\"mediaId\":12203,\"mediaType\":\"image\",\"mediaWidth\":24,\"isStackedOnMobile\":false,\"className\":\"alignwide\"} --><\/p>\n<div class=\"wp-block-media-text alignwide\" style=\"grid-template-columns: 24% auto;\">\n<figure class=\"wp-block-media-text__media\"><img loading=\"lazy\" class=\"alignnone wp-image-12419 size-full\" src=\"https:\/\/countydonegalfrs.ie\/glentiesfrs\/wp-content\/uploads\/2020\/10\/Glenties8.jpg\" alt=\"\" width=\"995\" height=\"700\" srcset=\"https:\/\/countydonegalfrs.ie\/glentiesfrs\/wp-content\/uploads\/2020\/10\/Glenties8.jpg 995w, https:\/\/countydonegalfrs.ie\/glentiesfrs\/wp-content\/uploads\/2020\/10\/Glenties8-300x211.jpg 300w, https:\/\/countydonegalfrs.ie\/glentiesfrs\/wp-content\/uploads\/2020\/10\/Glenties8-768x540.jpg 768w, https:\/\/countydonegalfrs.ie\/glentiesfrs\/wp-content\/uploads\/2020\/10\/Glenties8-400x281@2x.jpg 800w, https:\/\/countydonegalfrs.ie\/glentiesfrs\/wp-content\/uploads\/2020\/10\/Glenties8-615x433.jpg 615w, https:\/\/countydonegalfrs.ie\/glentiesfrs\/wp-content\/uploads\/2020\/10\/Glenties8-400x281.jpg 400w, https:\/\/countydonegalfrs.ie\/glentiesfrs\/wp-content\/uploads\/2020\/10\/Glenties8-292x205.jpg 292w, https:\/\/countydonegalfrs.ie\/glentiesfrs\/wp-content\/uploads\/2020\/10\/Glenties8-300x211@2x.jpg 600w, https:\/\/countydonegalfrs.ie\/glentiesfrs\/wp-content\/uploads\/2020\/10\/Glenties8-292x205@2x.jpg 584w\" sizes=\"(max-width: 995px) 100vw, 995px\" \/><\/figure>\n<div class=\"wp-block-media-text__content\">\n<p><!-- wp:paragraph --><\/p>\n<p style=\"margin: 0cm 0cm 0.0001pt; line-height: 15pt; background-image: initial; background-position: initial; background-size: initial; background-repeat: initial; background-attachment: initial; background-origin: initial; background-clip: initial;\"><a href=\"https:\/\/countydonegalfrs.ie\/glentiesfrs\/wp-content\/uploads\/2022\/06\/Glenties-Newsletter-7-irish-translation-1.pdf\"><strong><span style=\"font-size: 10.5pt; font-family: Arial, sans-serif; padding: 0cm; border: 1pt none windowtext;\">Nuachlitir Na Gleannta SFT 07<\/span><\/strong><\/a><span class=\"MsoCommentReference\"><span style=\"font-size: 8.0pt; font-family: 'Calibri',sans-serif; mso-ascii-theme-font: minor-latin; mso-fareast-font-family: Calibri; mso-fareast-theme-font: minor-latin; mso-hansi-theme-font: minor-latin; mso-bidi-font-family: 'Times New Roman'; mso-bidi-theme-font: minor-bidi; mso-fareast-language: EN-US;\"><!-- [if !supportAnnotations]--><\/span><\/span><\/p>\n<p>I Nuachtlitir 7 t\u00e1 an seacht\u00fa nuashonr\u00fa r\u00e1ithi\u00fail a shol\u00e1thra\u00edonn faisn\u00e9is faoi ch\u00falra an staid\u00e9ir, c\u00e9im an staid\u00e9ir, tuairisc ar chl\u00e1r na Sc\u00e9ime agus na ch\u00e9ad ch\u00e9imeanna eile den tionscadal.<\/p>\n<div>\n<p><!-- [if !supportAnnotations]--><\/p>\n<div>\n<div id=\"_com_1\" class=\"msocomtxt\">\n<p><!-- [if !supportAnnotations]--><\/p>\n<\/div>\n<p><!--[endif]--><\/p>\n<\/div>\n<\/div>\n<\/div>\n<\/div>\n<div class=\"wp-block-media-text alignwide\" style=\"grid-template-columns: 24% auto;\">\n<div class=\"wp-block-media-text__content\"><!-- \/wp:paragraph --><\/div>\n<\/div>\n<p><!-- \/wp:media-text --><\/p><\/div>\n\t\t\t\t<\/div>\n\t\t\t\t<\/div>\n\t\t\t\t<div class=\"elementor-element elementor-element-2f2ca69 elementor-widget elementor-widget-text-editor\" data-id=\"2f2ca69\" data-element_type=\"widget\" data-widget_type=\"text-editor.default\">\n\t\t\t\t<div class=\"elementor-widget-container\">\n\t\t\t\t\t<div class=\"elementor-text-editor elementor-clearfix\"><p><!-- wp:heading {\"level\":3} --><\/p>\n<div>\n<p data-wahfont=\"14\">\u00a0<\/p>\n<\/div>\n<p><!-- \/wp:heading --><!-- wp:media-text {\"mediaId\":12203,\"mediaType\":\"image\",\"mediaWidth\":24,\"isStackedOnMobile\":false,\"className\":\"alignwide\"} --><\/p>\n<div class=\"wp-block-media-text alignwide\" style=\"grid-template-columns: 24% auto;\">\n<figure class=\"wp-block-media-text__media\"><img loading=\"lazy\" class=\"alignnone wp-image-12419 size-full\" src=\"https:\/\/countydonegalfrs.ie\/glentiesfrs\/wp-content\/uploads\/2020\/10\/Glenties8.jpg\" alt=\"\" width=\"995\" height=\"700\" srcset=\"https:\/\/countydonegalfrs.ie\/glentiesfrs\/wp-content\/uploads\/2020\/10\/Glenties8.jpg 995w, https:\/\/countydonegalfrs.ie\/glentiesfrs\/wp-content\/uploads\/2020\/10\/Glenties8-300x211.jpg 300w, https:\/\/countydonegalfrs.ie\/glentiesfrs\/wp-content\/uploads\/2020\/10\/Glenties8-768x540.jpg 768w, https:\/\/countydonegalfrs.ie\/glentiesfrs\/wp-content\/uploads\/2020\/10\/Glenties8-400x281@2x.jpg 800w, https:\/\/countydonegalfrs.ie\/glentiesfrs\/wp-content\/uploads\/2020\/10\/Glenties8-615x433.jpg 615w, https:\/\/countydonegalfrs.ie\/glentiesfrs\/wp-content\/uploads\/2020\/10\/Glenties8-400x281.jpg 400w, https:\/\/countydonegalfrs.ie\/glentiesfrs\/wp-content\/uploads\/2020\/10\/Glenties8-292x205.jpg 292w, https:\/\/countydonegalfrs.ie\/glentiesfrs\/wp-content\/uploads\/2020\/10\/Glenties8-300x211@2x.jpg 600w, https:\/\/countydonegalfrs.ie\/glentiesfrs\/wp-content\/uploads\/2020\/10\/Glenties8-292x205@2x.jpg 584w\" sizes=\"(max-width: 995px) 100vw, 995px\" \/><\/figure>\n<div class=\"wp-block-media-text__content\">\n<p><!-- wp:paragraph --><\/p>\n<p style=\"margin: 0cm 0cm 0.0001pt; line-height: 15pt; background-image: initial; background-position: initial; background-size: initial; background-repeat: initial; background-attachment: initial; background-origin: initial; background-clip: initial;\"><a href=\"https:\/\/countydonegalfrs.ie\/glentiesfrs\/wp-content\/uploads\/2022\/09\/Glenties-Newsletter-08-Irish.pdf\"><strong><span style=\"font-size: 10.5pt; font-family: Arial, sans-serif; padding: 0cm; border: 1pt none windowtext;\">Nuachlitir Na Gleannta SFT 08<\/span><\/strong><\/a><span class=\"MsoCommentReference\"><span style=\"font-size: 8.0pt; font-family: 'Calibri',sans-serif; mso-ascii-theme-font: minor-latin; mso-fareast-font-family: Calibri; mso-fareast-theme-font: minor-latin; mso-hansi-theme-font: minor-latin; mso-bidi-font-family: 'Times New Roman'; mso-bidi-theme-font: minor-bidi; mso-fareast-language: EN-US;\"><!-- [if !supportAnnotations]--><\/span><\/span><\/p>\n<p>I Nuachtlitir 8 t\u00e1 an ocht\u00fa nuashonr\u00fa r\u00e1ithi\u00fail a shol\u00e1thra\u00edonn faisn\u00e9is faoi ch\u00falra an staid\u00e9ir, c\u00e9im an staid\u00e9ir, tuairisc ar chl\u00e1r na Sc\u00e9ime agus na ch\u00e9ad ch\u00e9imeanna eile den tionscadal.<\/p>\n<div>\n<p><!-- [if !supportAnnotations]--><\/p>\n<div>\n<div id=\"_com_1\" class=\"msocomtxt\">\n<p><!-- [if !supportAnnotations]--><\/p>\n<\/div>\n<p><!--[endif]--><\/p>\n<\/div>\n<\/div>\n<\/div>\n<\/div>\n<div class=\"wp-block-media-text alignwide\" style=\"grid-template-columns: 24% auto;\">\n<div class=\"wp-block-media-text__content\"><!-- \/wp:paragraph --><\/div>\n<\/div>\n<p><!-- \/wp:media-text --><\/p><\/div>\n\t\t\t\t<\/div>\n\t\t\t\t<\/div>\n\t\t\t\t<div class=\"elementor-element elementor-element-f3082c1 elementor-widget elementor-widget-text-editor\" data-id=\"f3082c1\" data-element_type=\"widget\" data-widget_type=\"text-editor.default\">\n\t\t\t\t<div class=\"elementor-widget-container\">\n\t\t\t\t\t<div class=\"elementor-text-editor elementor-clearfix\"><p><!-- wp:heading {\"level\":3} --><\/p>\n<div>\n<p data-wahfont=\"14\">\u00a0<\/p>\n<\/div>\n<p><!-- \/wp:heading --><!-- wp:media-text {\"mediaId\":12203,\"mediaType\":\"image\",\"mediaWidth\":24,\"isStackedOnMobile\":false,\"className\":\"alignwide\"} --><\/p>\n<div class=\"wp-block-media-text alignwide\" style=\"grid-template-columns: 24% auto;\">\n<figure class=\"wp-block-media-text__media\"><img loading=\"lazy\" class=\"alignnone wp-image-12419 size-full\" src=\"https:\/\/countydonegalfrs.ie\/glentiesfrs\/wp-content\/uploads\/2020\/10\/Glenties8.jpg\" alt=\"\" width=\"995\" height=\"700\" srcset=\"https:\/\/countydonegalfrs.ie\/glentiesfrs\/wp-content\/uploads\/2020\/10\/Glenties8.jpg 995w, https:\/\/countydonegalfrs.ie\/glentiesfrs\/wp-content\/uploads\/2020\/10\/Glenties8-300x211.jpg 300w, https:\/\/countydonegalfrs.ie\/glentiesfrs\/wp-content\/uploads\/2020\/10\/Glenties8-768x540.jpg 768w, https:\/\/countydonegalfrs.ie\/glentiesfrs\/wp-content\/uploads\/2020\/10\/Glenties8-400x281@2x.jpg 800w, https:\/\/countydonegalfrs.ie\/glentiesfrs\/wp-content\/uploads\/2020\/10\/Glenties8-615x433.jpg 615w, https:\/\/countydonegalfrs.ie\/glentiesfrs\/wp-content\/uploads\/2020\/10\/Glenties8-400x281.jpg 400w, https:\/\/countydonegalfrs.ie\/glentiesfrs\/wp-content\/uploads\/2020\/10\/Glenties8-292x205.jpg 292w, https:\/\/countydonegalfrs.ie\/glentiesfrs\/wp-content\/uploads\/2020\/10\/Glenties8-300x211@2x.jpg 600w, https:\/\/countydonegalfrs.ie\/glentiesfrs\/wp-content\/uploads\/2020\/10\/Glenties8-292x205@2x.jpg 584w\" sizes=\"(max-width: 995px) 100vw, 995px\" \/><\/figure>\n<div class=\"wp-block-media-text__content\">\n<p><!-- wp:paragraph --><\/p>\n<p style=\"margin: 0cm 0cm 0.0001pt; line-height: 15pt; background-image: initial; background-position: initial; background-size: initial; background-repeat: initial; background-attachment: initial; background-origin: initial; background-clip: initial;\"><a href=\"https:\/\/countydonegalfrs.ie\/glentiesfrs\/wp-content\/uploads\/2022\/12\/Glenties-no-9-irish-translation.pdf\"><strong><span style=\"font-size: 10.5pt; font-family: Arial, sans-serif; padding: 0cm; border: 1pt none windowtext;\">Nuachlitir Na Gleannta SFT 09<\/span><\/strong><\/a><span class=\"MsoCommentReference\"><span style=\"font-size: 8.0pt; font-family: 'Calibri',sans-serif; mso-ascii-theme-font: minor-latin; mso-fareast-font-family: Calibri; mso-fareast-theme-font: minor-latin; mso-hansi-theme-font: minor-latin; mso-bidi-font-family: 'Times New Roman'; mso-bidi-theme-font: minor-bidi; mso-fareast-language: EN-US;\"><!-- [if !supportAnnotations]--><\/span><\/span><\/p>\n<p>I Nuachtlitir 9 t\u00e1 an nao\u00fa nuashonr\u00fa r\u00e1ithi\u00fail a shol\u00e1thra\u00edonn faisn\u00e9is faoi ch\u00falra an staid\u00e9ir, c\u00e9im an staid\u00e9ir, tuairisc ar chl\u00e1r na Sc\u00e9ime agus na ch\u00e9ad ch\u00e9imeanna eile den tionscadal.<\/p>\n<div>\n<p><!-- [if !supportAnnotations]--><\/p>\n<div>\n<div id=\"_com_1\" class=\"msocomtxt\">\n<p><!-- [if !supportAnnotations]--><\/p>\n<\/div>\n<p><!--[endif]--><\/p>\n<\/div>\n<\/div>\n<\/div>\n<\/div>\n<div class=\"wp-block-media-text alignwide\" style=\"grid-template-columns: 24% auto;\">\n<div class=\"wp-block-media-text__content\"><!-- \/wp:paragraph --><\/div>\n<\/div>\n<p><!-- \/wp:media-text --><\/p><\/div>\n\t\t\t\t<\/div>\n\t\t\t\t<\/div>\n\t\t\t\t<div class=\"elementor-element elementor-element-4391623 elementor-widget elementor-widget-text-editor\" data-id=\"4391623\" data-element_type=\"widget\" data-widget_type=\"text-editor.default\">\n\t\t\t\t<div class=\"elementor-widget-container\">\n\t\t\t\t\t<div class=\"elementor-text-editor elementor-clearfix\"><p><!-- wp:heading {\"level\":3} --><\/p>\n<div>\n<p data-wahfont=\"14\">\u00a0<\/p>\n<\/div>\n<p><!-- \/wp:heading --><!-- wp:media-text {\"mediaId\":12203,\"mediaType\":\"image\",\"mediaWidth\":24,\"isStackedOnMobile\":false,\"className\":\"alignwide\"} --><\/p>\n<div class=\"wp-block-media-text alignwide\" style=\"grid-template-columns: 24% auto;\">\n<figure class=\"wp-block-media-text__media\"><img loading=\"lazy\" class=\"alignnone wp-image-12419 size-full\" src=\"https:\/\/countydonegalfrs.ie\/glentiesfrs\/wp-content\/uploads\/2020\/10\/Glenties8.jpg\" alt=\"\" width=\"995\" height=\"700\" srcset=\"https:\/\/countydonegalfrs.ie\/glentiesfrs\/wp-content\/uploads\/2020\/10\/Glenties8.jpg 995w, https:\/\/countydonegalfrs.ie\/glentiesfrs\/wp-content\/uploads\/2020\/10\/Glenties8-300x211.jpg 300w, https:\/\/countydonegalfrs.ie\/glentiesfrs\/wp-content\/uploads\/2020\/10\/Glenties8-768x540.jpg 768w, https:\/\/countydonegalfrs.ie\/glentiesfrs\/wp-content\/uploads\/2020\/10\/Glenties8-400x281@2x.jpg 800w, https:\/\/countydonegalfrs.ie\/glentiesfrs\/wp-content\/uploads\/2020\/10\/Glenties8-615x433.jpg 615w, https:\/\/countydonegalfrs.ie\/glentiesfrs\/wp-content\/uploads\/2020\/10\/Glenties8-400x281.jpg 400w, https:\/\/countydonegalfrs.ie\/glentiesfrs\/wp-content\/uploads\/2020\/10\/Glenties8-292x205.jpg 292w, https:\/\/countydonegalfrs.ie\/glentiesfrs\/wp-content\/uploads\/2020\/10\/Glenties8-300x211@2x.jpg 600w, https:\/\/countydonegalfrs.ie\/glentiesfrs\/wp-content\/uploads\/2020\/10\/Glenties8-292x205@2x.jpg 584w\" sizes=\"(max-width: 995px) 100vw, 995px\" \/><\/figure>\n<div class=\"wp-block-media-text__content\">\n<p><!-- wp:paragraph --><\/p>\n<p style=\"margin: 0cm 0cm 0.0001pt; line-height: 15pt; background-image: initial; background-position: initial; background-size: initial; background-repeat: initial; background-attachment: initial; background-origin: initial; background-clip: initial;\"><a href=\"https:\/\/countydonegalfrs.ie\/glentiesfrs\/wp-content\/uploads\/2023\/03\/Glenties-No-10-Irish-Translation.pdf\"><strong><span style=\"font-size: 10.5pt; font-family: Arial, sans-serif; padding: 0cm; border: 1pt none windowtext;\">Nuachlitir Na Gleannta SFT 10<\/span><\/strong><\/a><span class=\"MsoCommentReference\"><span style=\"font-size: 8.0pt; font-family: 'Calibri',sans-serif; mso-ascii-theme-font: minor-latin; mso-fareast-font-family: Calibri; mso-fareast-theme-font: minor-latin; mso-hansi-theme-font: minor-latin; mso-bidi-font-family: 'Times New Roman'; mso-bidi-theme-font: minor-bidi; mso-fareast-language: EN-US;\"><!-- [if !supportAnnotations]--><\/span><\/span><\/p>\n<p>I Nuachtlitir 10 t\u00e1 an deichi\u00fa nuashonr\u00fa r\u00e1ithi\u00fail a shol\u00e1thra\u00edonn faisn\u00e9is faoi ch\u00falra an staid\u00e9ir, c\u00e9im an staid\u00e9ir, tuairisc ar chl\u00e1r na Sc\u00e9ime agus na ch\u00e9ad ch\u00e9imeanna eile den tionscadal.<\/p>\n<div>\n<p><!-- [if !supportAnnotations]--><\/p>\n<div>\n<div id=\"_com_1\" class=\"msocomtxt\">\n<p><!-- [if !supportAnnotations]--><\/p>\n<\/div>\n<p><!--[endif]--><\/p>\n<\/div>\n<\/div>\n<\/div>\n<\/div>\n<div class=\"wp-block-media-text alignwide\" style=\"grid-template-columns: 24% auto;\">\n<div class=\"wp-block-media-text__content\"><!-- \/wp:paragraph --><\/div>\n<\/div>\n<p><!-- \/wp:media-text --><\/p><\/div>\n\t\t\t\t<\/div>\n\t\t\t\t<\/div>\n\t\t\t\t<div class=\"elementor-element elementor-element-25d8ba1 elementor-widget elementor-widget-text-editor\" data-id=\"25d8ba1\" data-element_type=\"widget\" data-widget_type=\"text-editor.default\">\n\t\t\t\t<div class=\"elementor-widget-container\">\n\t\t\t\t\t<div class=\"elementor-text-editor elementor-clearfix\"><p><!-- wp:heading {\"level\":3} --><\/p>\n<div>\n<p data-wahfont=\"14\">\u00a0<\/p>\n<\/div>\n<p><!-- \/wp:heading --><!-- wp:media-text {\"mediaId\":12203,\"mediaType\":\"image\",\"mediaWidth\":24,\"isStackedOnMobile\":false,\"className\":\"alignwide\"} --><\/p>\n<div class=\"wp-block-media-text alignwide\" style=\"grid-template-columns: 24% auto;\">\n<figure class=\"wp-block-media-text__media\"><img loading=\"lazy\" class=\"alignnone wp-image-12419 size-full\" src=\"https:\/\/countydonegalfrs.ie\/glentiesfrs\/wp-content\/uploads\/2020\/10\/Glenties8.jpg\" alt=\"\" width=\"995\" height=\"700\" srcset=\"https:\/\/countydonegalfrs.ie\/glentiesfrs\/wp-content\/uploads\/2020\/10\/Glenties8.jpg 995w, https:\/\/countydonegalfrs.ie\/glentiesfrs\/wp-content\/uploads\/2020\/10\/Glenties8-300x211.jpg 300w, https:\/\/countydonegalfrs.ie\/glentiesfrs\/wp-content\/uploads\/2020\/10\/Glenties8-768x540.jpg 768w, https:\/\/countydonegalfrs.ie\/glentiesfrs\/wp-content\/uploads\/2020\/10\/Glenties8-400x281@2x.jpg 800w, https:\/\/countydonegalfrs.ie\/glentiesfrs\/wp-content\/uploads\/2020\/10\/Glenties8-615x433.jpg 615w, https:\/\/countydonegalfrs.ie\/glentiesfrs\/wp-content\/uploads\/2020\/10\/Glenties8-400x281.jpg 400w, https:\/\/countydonegalfrs.ie\/glentiesfrs\/wp-content\/uploads\/2020\/10\/Glenties8-292x205.jpg 292w, https:\/\/countydonegalfrs.ie\/glentiesfrs\/wp-content\/uploads\/2020\/10\/Glenties8-300x211@2x.jpg 600w, https:\/\/countydonegalfrs.ie\/glentiesfrs\/wp-content\/uploads\/2020\/10\/Glenties8-292x205@2x.jpg 584w\" sizes=\"(max-width: 995px) 100vw, 995px\" \/><\/figure>\n<div class=\"wp-block-media-text__content\">\n<p><!-- wp:paragraph --><\/p>\n<p style=\"margin: 0cm 0cm 0.0001pt; line-height: 15pt; background-image: initial; background-position: initial; background-size: initial; background-repeat: initial; background-attachment: initial; background-origin: initial; background-clip: initial;\"><a href=\"https:\/\/countydonegalfrs.ie\/glentiesfrs\/wp-content\/uploads\/2023\/07\/Glenties-Newsletter-11-Irish-Translation.pdf\"><strong><span style=\"font-size: 10.5pt; font-family: Arial, sans-serif; padding: 0cm; border: 1pt none windowtext;\">Nuachlitir Na Gleannta SFT 11<\/span><\/strong><\/a><span class=\"MsoCommentReference\"><span style=\"font-size: 8.0pt; font-family: 'Calibri',sans-serif; mso-ascii-theme-font: minor-latin; mso-fareast-font-family: Calibri; mso-fareast-theme-font: minor-latin; mso-hansi-theme-font: minor-latin; mso-bidi-font-family: 'Times New Roman'; mso-bidi-theme-font: minor-bidi; mso-fareast-language: EN-US;\"><!-- [if !supportAnnotations]--><\/span><\/span><\/p>\n<p>I Nuachtlitir 10 t\u00e1 an a haon d\u00e9ag nuashonr\u00fa r\u00e1ithi\u00fail a shol\u00e1thra\u00edonn faisn\u00e9is faoi ch\u00falra an staid\u00e9ir, c\u00e9im an staid\u00e9ir, tuairisc ar chl\u00e1r na Sc\u00e9ime agus na ch\u00e9ad ch\u00e9imeanna eile den tionscadal.<\/p>\n<div>\n<p><!-- [if !supportAnnotations]--><\/p>\n<div>\n<div id=\"_com_1\" class=\"msocomtxt\">\n<p><!-- [if !supportAnnotations]--><\/p>\n<\/div>\n<p><!--[endif]--><\/p>\n<\/div>\n<\/div>\n<\/div>\n<\/div>\n<div class=\"wp-block-media-text alignwide\" style=\"grid-template-columns: 24% auto;\">\n<div class=\"wp-block-media-text__content\"><!-- \/wp:paragraph --><\/div>\n<\/div>\n<p><!-- \/wp:media-text --><\/p><\/div>\n\t\t\t\t<\/div>\n\t\t\t\t<\/div>\n\t\t\t\t<div class=\"elementor-element elementor-element-2a5b866 elementor-widget elementor-widget-text-editor\" data-id=\"2a5b866\" data-element_type=\"widget\" data-widget_type=\"text-editor.default\">\n\t\t\t\t<div class=\"elementor-widget-container\">\n\t\t\t\t\t<div class=\"elementor-text-editor elementor-clearfix\"><p><!-- wp:heading {\"level\":3} --><\/p>\n<div>\n<p data-wahfont=\"14\">\u00a0<\/p>\n<\/div>\n<p><!-- \/wp:heading --><!-- wp:media-text {\"mediaId\":12203,\"mediaType\":\"image\",\"mediaWidth\":24,\"isStackedOnMobile\":false,\"className\":\"alignwide\"} --><\/p>\n<div class=\"wp-block-media-text alignwide\" style=\"grid-template-columns: 24% auto;\">\n<figure class=\"wp-block-media-text__media\"><img loading=\"lazy\" class=\"alignnone wp-image-12419 size-full\" src=\"https:\/\/countydonegalfrs.ie\/glentiesfrs\/wp-content\/uploads\/2020\/10\/Glenties8.jpg\" alt=\"\" width=\"995\" height=\"700\" srcset=\"https:\/\/countydonegalfrs.ie\/glentiesfrs\/wp-content\/uploads\/2020\/10\/Glenties8.jpg 995w, https:\/\/countydonegalfrs.ie\/glentiesfrs\/wp-content\/uploads\/2020\/10\/Glenties8-300x211.jpg 300w, https:\/\/countydonegalfrs.ie\/glentiesfrs\/wp-content\/uploads\/2020\/10\/Glenties8-768x540.jpg 768w, https:\/\/countydonegalfrs.ie\/glentiesfrs\/wp-content\/uploads\/2020\/10\/Glenties8-400x281@2x.jpg 800w, https:\/\/countydonegalfrs.ie\/glentiesfrs\/wp-content\/uploads\/2020\/10\/Glenties8-615x433.jpg 615w, https:\/\/countydonegalfrs.ie\/glentiesfrs\/wp-content\/uploads\/2020\/10\/Glenties8-400x281.jpg 400w, https:\/\/countydonegalfrs.ie\/glentiesfrs\/wp-content\/uploads\/2020\/10\/Glenties8-292x205.jpg 292w, https:\/\/countydonegalfrs.ie\/glentiesfrs\/wp-content\/uploads\/2020\/10\/Glenties8-300x211@2x.jpg 600w, https:\/\/countydonegalfrs.ie\/glentiesfrs\/wp-content\/uploads\/2020\/10\/Glenties8-292x205@2x.jpg 584w\" sizes=\"(max-width: 995px) 100vw, 995px\" \/><\/figure>\n<div class=\"wp-block-media-text__content\">\n<p><!-- wp:paragraph --><\/p>\n<p style=\"margin: 0cm 0cm 0.0001pt; line-height: 15pt; background-image: initial; background-position: initial; background-size: initial; background-repeat: initial; background-attachment: initial; background-origin: initial; background-clip: initial;\"><a href=\"https:\/\/countydonegalfrs.ie\/glentiesfrs\/wp-content\/uploads\/2023\/11\/Glenties-Newsletter-12-Irish-Translation.pdf\"><strong><span style=\"font-size: 10.5pt; font-family: Arial, sans-serif; padding: 0cm; border: 1pt none windowtext;\">Nuachlitir Na Gleannta SFT 12<\/span><\/strong><\/a><span class=\"MsoCommentReference\"><span style=\"font-size: 8.0pt; font-family: 'Calibri',sans-serif; mso-ascii-theme-font: minor-latin; mso-fareast-font-family: Calibri; mso-fareast-theme-font: minor-latin; mso-hansi-theme-font: minor-latin; mso-bidi-font-family: 'Times New Roman'; mso-bidi-theme-font: minor-bidi; mso-fareast-language: EN-US;\"><!-- [if !supportAnnotations]--><\/span><\/span><\/p>\n<p>I Nuachtlitir 12 t\u00e1 an dara nuashonr\u00fa d\u00e9ag rath\u00fail a shol\u00e1thra\u00edonn faisn\u00e9is faoi ch\u00falra an staid\u00e9ir, c\u00e9im an staid\u00e9ir, tuairisc ar chl\u00e1r na Sc\u00e9ime agus na ch\u00e9ad ch\u00e9imeanna eile den tionscadal<\/p>\n<div>\n<p><!-- [if !supportAnnotations]--><\/p>\n<div>\n<div id=\"_com_1\" class=\"msocomtxt\">\n<p><!-- [if !supportAnnotations]--><\/p>\n<\/div>\n<p><!--[endif]--><\/p>\n<\/div>\n<\/div>\n<\/div>\n<\/div>\n<div class=\"wp-block-media-text alignwide\" style=\"grid-template-columns: 24% auto;\">\n<div class=\"wp-block-media-text__content\"><!-- \/wp:paragraph --><\/div>\n<\/div>\n<p><!-- \/wp:media-text --><\/p><\/div>\n\t\t\t\t<\/div>\n\t\t\t\t<\/div>\n\t\t\t\t<div class=\"elementor-element elementor-element-7045593 elementor-widget elementor-widget-text-editor\" data-id=\"7045593\" data-element_type=\"widget\" data-widget_type=\"text-editor.default\">\n\t\t\t\t<div class=\"elementor-widget-container\">\n\t\t\t\t\t<div class=\"elementor-text-editor elementor-clearfix\"><p><!-- wp:heading {\"level\":3} --><\/p>\n<div>\n<p data-wahfont=\"14\">\u00a0<\/p>\n<\/div>\n<p><!-- \/wp:heading --><!-- wp:media-text {\"mediaId\":12203,\"mediaType\":\"image\",\"mediaWidth\":24,\"isStackedOnMobile\":false,\"className\":\"alignwide\"} --><\/p>\n<div class=\"wp-block-media-text alignwide\" style=\"grid-template-columns: 24% auto;\">\n<figure class=\"wp-block-media-text__media\"><img loading=\"lazy\" class=\"alignnone wp-image-12419 size-full\" src=\"https:\/\/countydonegalfrs.ie\/glentiesfrs\/wp-content\/uploads\/2020\/10\/Glenties8.jpg\" alt=\"\" width=\"995\" height=\"700\" srcset=\"https:\/\/countydonegalfrs.ie\/glentiesfrs\/wp-content\/uploads\/2020\/10\/Glenties8.jpg 995w, https:\/\/countydonegalfrs.ie\/glentiesfrs\/wp-content\/uploads\/2020\/10\/Glenties8-300x211.jpg 300w, https:\/\/countydonegalfrs.ie\/glentiesfrs\/wp-content\/uploads\/2020\/10\/Glenties8-768x540.jpg 768w, https:\/\/countydonegalfrs.ie\/glentiesfrs\/wp-content\/uploads\/2020\/10\/Glenties8-400x281@2x.jpg 800w, https:\/\/countydonegalfrs.ie\/glentiesfrs\/wp-content\/uploads\/2020\/10\/Glenties8-615x433.jpg 615w, https:\/\/countydonegalfrs.ie\/glentiesfrs\/wp-content\/uploads\/2020\/10\/Glenties8-400x281.jpg 400w, https:\/\/countydonegalfrs.ie\/glentiesfrs\/wp-content\/uploads\/2020\/10\/Glenties8-292x205.jpg 292w, https:\/\/countydonegalfrs.ie\/glentiesfrs\/wp-content\/uploads\/2020\/10\/Glenties8-300x211@2x.jpg 600w, https:\/\/countydonegalfrs.ie\/glentiesfrs\/wp-content\/uploads\/2020\/10\/Glenties8-292x205@2x.jpg 584w\" sizes=\"(max-width: 995px) 100vw, 995px\" \/><\/figure>\n<div class=\"wp-block-media-text__content\">\n<p><!-- wp:paragraph --><\/p>\n<p style=\"margin: 0cm 0cm 0.0001pt; line-height: 15pt; background-image: initial; background-position: initial; background-size: initial; background-repeat: initial; background-attachment: initial; background-origin: initial; background-clip: initial;\"><a href=\"https:\/\/countydonegalfrs.ie\/glentiesfrs\/wp-content\/uploads\/2024\/06\/Glenties-Newsletter-13-Irish-Translation.pdf\">Nuachlitir Na Gleannta SFT 13<\/a><span class=\"MsoCommentReference\"><span style=\"font-size: 8.0pt; font-family: 'Calibri',sans-serif; mso-ascii-theme-font: minor-latin; mso-fareast-font-family: Calibri; mso-fareast-theme-font: minor-latin; mso-hansi-theme-font: minor-latin; mso-bidi-font-family: 'Times New Roman'; mso-bidi-theme-font: minor-bidi; mso-fareast-language: EN-US;\"><!-- [if !supportAnnotations]--><\/span><\/span><\/p>\n<p>I Nuachtlitir 13 t\u00e1 an dara nuashonr\u00fa d\u00e9ag rath\u00fail a shol\u00e1thra\u00edonn faisn\u00e9is faoi ch\u00falra an staid\u00e9ir, c\u00e9im an staid\u00e9ir, tuairisc ar chl\u00e1r na Sc\u00e9ime agus na ch\u00e9ad ch\u00e9imeanna eile den tionscadal<\/p>\n<div>\n<p><!-- [if !supportAnnotations]--><\/p>\n<div>\n<div id=\"_com_1\" class=\"msocomtxt\">\n<p><!-- [if !supportAnnotations]--><\/p>\n<\/div>\n<p><!--[endif]--><\/p>\n<\/div>\n<\/div>\n<\/div>\n<\/div>\n<div class=\"wp-block-media-text alignwide\" style=\"grid-template-columns: 24% auto;\">\n<div class=\"wp-block-media-text__content\"><!-- \/wp:paragraph --><\/div>\n<\/div>\n<p><!-- \/wp:media-text --><\/p><\/div>\n\t\t\t\t<\/div>\n\t\t\t\t<\/div>\n\t\t\t\t<div class=\"elementor-element elementor-element-606e253 elementor-widget elementor-widget-text-editor\" data-id=\"606e253\" data-element_type=\"widget\" data-widget_type=\"text-editor.default\">\n\t\t\t\t<div class=\"elementor-widget-container\">\n\t\t\t\t\t<div class=\"elementor-text-editor elementor-clearfix\"><p><!-- wp:heading {\"level\":3} --><\/p>\n<div>\n<p data-wahfont=\"14\">\u00a0<\/p>\n<\/div>\n<p><!-- \/wp:heading --><!-- wp:media-text {\"mediaId\":12203,\"mediaType\":\"image\",\"mediaWidth\":24,\"isStackedOnMobile\":false,\"className\":\"alignwide\"} --><\/p>\n<div class=\"wp-block-media-text alignwide\" style=\"grid-template-columns: 24% auto;\">\n<figure class=\"wp-block-media-text__media\"><img loading=\"lazy\" class=\"alignnone wp-image-12419 size-full\" src=\"https:\/\/countydonegalfrs.ie\/glentiesfrs\/wp-content\/uploads\/2020\/10\/Glenties8.jpg\" alt=\"\" width=\"995\" height=\"700\" srcset=\"https:\/\/countydonegalfrs.ie\/glentiesfrs\/wp-content\/uploads\/2020\/10\/Glenties8.jpg 995w, https:\/\/countydonegalfrs.ie\/glentiesfrs\/wp-content\/uploads\/2020\/10\/Glenties8-300x211.jpg 300w, https:\/\/countydonegalfrs.ie\/glentiesfrs\/wp-content\/uploads\/2020\/10\/Glenties8-768x540.jpg 768w, https:\/\/countydonegalfrs.ie\/glentiesfrs\/wp-content\/uploads\/2020\/10\/Glenties8-400x281@2x.jpg 800w, https:\/\/countydonegalfrs.ie\/glentiesfrs\/wp-content\/uploads\/2020\/10\/Glenties8-615x433.jpg 615w, https:\/\/countydonegalfrs.ie\/glentiesfrs\/wp-content\/uploads\/2020\/10\/Glenties8-400x281.jpg 400w, https:\/\/countydonegalfrs.ie\/glentiesfrs\/wp-content\/uploads\/2020\/10\/Glenties8-292x205.jpg 292w, https:\/\/countydonegalfrs.ie\/glentiesfrs\/wp-content\/uploads\/2020\/10\/Glenties8-300x211@2x.jpg 600w, https:\/\/countydonegalfrs.ie\/glentiesfrs\/wp-content\/uploads\/2020\/10\/Glenties8-292x205@2x.jpg 584w\" sizes=\"(max-width: 995px) 100vw, 995px\" \/><\/figure>\n<div class=\"wp-block-media-text__content\">\n<p><!-- wp:paragraph --><\/p>\n<p style=\"margin: 0cm 0cm 0.0001pt; line-height: 15pt; background-image: initial; background-position: initial; background-size: initial; background-repeat: initial; background-attachment: initial; background-origin: initial; background-clip: initial;\"><a href=\"https:\/\/countydonegalfrs.ie\/glentiesfrs\/wp-content\/uploads\/2024\/12\/Glenties-Newsletter-14-Irish-Translation.pdf\">Nuachlitir Na Gleannta SFT 14<\/a><span class=\"MsoCommentReference\"><span style=\"font-size: 8.0pt; font-family: 'Calibri',sans-serif; mso-ascii-theme-font: minor-latin; mso-fareast-font-family: Calibri; mso-fareast-theme-font: minor-latin; mso-hansi-theme-font: minor-latin; mso-bidi-font-family: 'Times New Roman'; mso-bidi-theme-font: minor-bidi; mso-fareast-language: EN-US;\"><!-- [if !supportAnnotations]--><\/span><\/span><\/p>\n<p>I Nuachtlitir 14 t\u00e1 an dara nuashonr\u00fa d\u00e9ag rath\u00fail a shol\u00e1thra\u00edonn faisn\u00e9is faoi ch\u00falra an staid\u00e9ir, c\u00e9im an staid\u00e9ir, tuairisc ar chl\u00e1r na Sc\u00e9ime agus na ch\u00e9ad ch\u00e9imeanna eile den tionscadal<\/p>\n<div>\n<p><!-- [if !supportAnnotations]--><\/p>\n<div>\n<div id=\"_com_1\" class=\"msocomtxt\">\n<p><!-- [if !supportAnnotations]--><\/p>\n<\/div>\n<p><!--[endif]--><\/p>\n<\/div>\n<\/div>\n<\/div>\n<\/div>\n<div class=\"wp-block-media-text alignwide\" style=\"grid-template-columns: 24% auto;\">\n<div class=\"wp-block-media-text__content\"><!-- \/wp:paragraph --><\/div>\n<\/div>\n<p><!-- \/wp:media-text --><\/p><\/div>\n\t\t\t\t<\/div>\n\t\t\t\t<\/div>\n\t\t\t\t<div class=\"elementor-element elementor-element-eb5cb2b elementor-widget elementor-widget-text-editor\" data-id=\"eb5cb2b\" data-element_type=\"widget\" data-widget_type=\"text-editor.default\">\n\t\t\t\t<div class=\"elementor-widget-container\">\n\t\t\t\t\t<div class=\"elementor-text-editor elementor-clearfix\"><p><!-- wp:heading {\"level\":3} --><\/p>\n<div>\n<p data-wahfont=\"14\">\u00a0<\/p>\n<\/div>\n<p><!-- \/wp:heading --><!-- wp:media-text {\"mediaId\":12203,\"mediaType\":\"image\",\"mediaWidth\":24,\"isStackedOnMobile\":false,\"className\":\"alignwide\"} --><\/p>\n<div class=\"wp-block-media-text alignwide\" style=\"grid-template-columns: 24% auto;\">\n<figure class=\"wp-block-media-text__media\"><img loading=\"lazy\" class=\"alignnone wp-image-12419 size-full\" src=\"https:\/\/countydonegalfrs.ie\/glentiesfrs\/wp-content\/uploads\/2020\/10\/Glenties8.jpg\" alt=\"\" width=\"995\" height=\"700\" srcset=\"https:\/\/countydonegalfrs.ie\/glentiesfrs\/wp-content\/uploads\/2020\/10\/Glenties8.jpg 995w, https:\/\/countydonegalfrs.ie\/glentiesfrs\/wp-content\/uploads\/2020\/10\/Glenties8-300x211.jpg 300w, https:\/\/countydonegalfrs.ie\/glentiesfrs\/wp-content\/uploads\/2020\/10\/Glenties8-768x540.jpg 768w, https:\/\/countydonegalfrs.ie\/glentiesfrs\/wp-content\/uploads\/2020\/10\/Glenties8-400x281@2x.jpg 800w, https:\/\/countydonegalfrs.ie\/glentiesfrs\/wp-content\/uploads\/2020\/10\/Glenties8-615x433.jpg 615w, https:\/\/countydonegalfrs.ie\/glentiesfrs\/wp-content\/uploads\/2020\/10\/Glenties8-400x281.jpg 400w, https:\/\/countydonegalfrs.ie\/glentiesfrs\/wp-content\/uploads\/2020\/10\/Glenties8-292x205.jpg 292w, https:\/\/countydonegalfrs.ie\/glentiesfrs\/wp-content\/uploads\/2020\/10\/Glenties8-300x211@2x.jpg 600w, https:\/\/countydonegalfrs.ie\/glentiesfrs\/wp-content\/uploads\/2020\/10\/Glenties8-292x205@2x.jpg 584w\" sizes=\"(max-width: 995px) 100vw, 995px\" \/><\/figure>\n<div class=\"wp-block-media-text__content\">\n<p><!-- wp:paragraph --><\/p>\n<a href=\"https:\/\/countydonegalfrs.ie\/glentiesfrs\/wp-content\/uploads\/2025\/04\/Glenties-Newsletter-15-Irish-Translation.pdf\">Nuachlitir Na Gleannta SFT 15<\/a><br \/>\n<p>I Nuachtlitir 15 t\u00e1 an dara nuashonr\u00fa d\u00e9ag rath\u00fail a shol\u00e1thra\u00edonn faisn\u00e9is faoi ch\u00falra an staid\u00e9ir, c\u00e9im an staid\u00e9ir, tuairisc ar chl\u00e1r na Sc\u00e9ime agus na ch\u00e9ad ch\u00e9imeanna eile den tionscadal<\/p>\n<div>\n<p><!-- [if !supportAnnotations]--><\/p>\n<div>\n<div id=\"_com_1\" class=\"msocomtxt\">\n<p><!-- [if !supportAnnotations]--><\/p>\n<\/div>\n<p><!--[endif]--><\/p>\n<\/div>\n<\/div>\n<\/div>\n<\/div>\n<div class=\"wp-block-media-text alignwide\" style=\"grid-template-columns: 24% auto;\">\n<div class=\"wp-block-media-text__content\"><!-- \/wp:paragraph --><\/div>\n<\/div>\n<p><!-- \/wp:media-text --><\/p><\/div>\n\t\t\t\t<\/div>\n\t\t\t\t<\/div>\n\t\t\t\t<div class=\"elementor-element elementor-element-59f99ef elementor-widget elementor-widget-text-editor\" data-id=\"59f99ef\" data-element_type=\"widget\" data-widget_type=\"text-editor.default\">\n\t\t\t\t<div class=\"elementor-widget-container\">\n\t\t\t\t\t<div class=\"elementor-text-editor elementor-clearfix\"><p><!-- wp:heading {\"level\":3} --><\/p>\n<div>\n<p data-wahfont=\"14\">\u00a0<\/p>\n<\/div>\n<p><!-- \/wp:heading --><!-- wp:media-text {\"mediaId\":12203,\"mediaType\":\"image\",\"mediaWidth\":24,\"isStackedOnMobile\":false,\"className\":\"alignwide\"} --><\/p>\n<div class=\"wp-block-media-text alignwide\" style=\"grid-template-columns: 24% auto;\">\n<figure class=\"wp-block-media-text__media\"><img loading=\"lazy\" class=\"alignnone wp-image-12419 size-full\" src=\"https:\/\/countydonegalfrs.ie\/glentiesfrs\/wp-content\/uploads\/2020\/10\/Glenties8.jpg\" alt=\"\" width=\"995\" height=\"700\" srcset=\"https:\/\/countydonegalfrs.ie\/glentiesfrs\/wp-content\/uploads\/2020\/10\/Glenties8.jpg 995w, https:\/\/countydonegalfrs.ie\/glentiesfrs\/wp-content\/uploads\/2020\/10\/Glenties8-300x211.jpg 300w, https:\/\/countydonegalfrs.ie\/glentiesfrs\/wp-content\/uploads\/2020\/10\/Glenties8-768x540.jpg 768w, https:\/\/countydonegalfrs.ie\/glentiesfrs\/wp-content\/uploads\/2020\/10\/Glenties8-400x281@2x.jpg 800w, https:\/\/countydonegalfrs.ie\/glentiesfrs\/wp-content\/uploads\/2020\/10\/Glenties8-615x433.jpg 615w, https:\/\/countydonegalfrs.ie\/glentiesfrs\/wp-content\/uploads\/2020\/10\/Glenties8-400x281.jpg 400w, https:\/\/countydonegalfrs.ie\/glentiesfrs\/wp-content\/uploads\/2020\/10\/Glenties8-292x205.jpg 292w, https:\/\/countydonegalfrs.ie\/glentiesfrs\/wp-content\/uploads\/2020\/10\/Glenties8-300x211@2x.jpg 600w, https:\/\/countydonegalfrs.ie\/glentiesfrs\/wp-content\/uploads\/2020\/10\/Glenties8-292x205@2x.jpg 584w\" sizes=\"(max-width: 995px) 100vw, 995px\" \/><\/figure>\n<div class=\"wp-block-media-text__content\">\n<p><!-- wp:paragraph --><\/p>\n<a href=\"https:\/\/countydonegalfrs.ie\/glentiesfrs\/wp-content\/uploads\/2025\/07\/Glenties-Newsletter-16-Irish.pdf\">Nuachlitir Na Gleannta SFT 16<\/a><br \/>\n<p>I Nuachtlitir 16 t\u00e1 an dara nuashonr\u00fa d\u00e9ag rath\u00fail a shol\u00e1thra\u00edonn faisn\u00e9is faoi ch\u00falra an staid\u00e9ir, c\u00e9im an staid\u00e9ir, tuairisc ar chl\u00e1r na Sc\u00e9ime agus na ch\u00e9ad ch\u00e9imeanna eile den tionscadal<\/p>\n<div>\n<p><!-- [if !supportAnnotations]--><\/p>\n<div>\n<div id=\"_com_1\" class=\"msocomtxt\">\n<p><!-- [if !supportAnnotations]--><\/p>\n<\/div>\n<p><!--[endif]--><\/p>\n<\/div>\n<\/div>\n<\/div>\n<\/div>\n<div class=\"wp-block-media-text alignwide\" style=\"grid-template-columns: 24% auto;\">\n<div class=\"wp-block-media-text__content\"><!-- \/wp:paragraph --><\/div>\n<\/div>\n<p><!-- \/wp:media-text --><\/p><\/div>\n\t\t\t\t<\/div>\n\t\t\t\t<\/div>\n\t\t\t\t<div class=\"elementor-element elementor-element-de06476 elementor-widget elementor-widget-text-editor\" data-id=\"de06476\" data-element_type=\"widget\" data-widget_type=\"text-editor.default\">\n\t\t\t\t<div class=\"elementor-widget-container\">\n\t\t\t\t\t<div class=\"elementor-text-editor elementor-clearfix\"><p><!-- wp:heading {\"level\":3} --><\/p>\n<div>\n<p data-wahfont=\"14\">\u00a0<\/p>\n<\/div>\n<p><!-- \/wp:heading --><!-- wp:media-text {\"mediaId\":12203,\"mediaType\":\"image\",\"mediaWidth\":24,\"isStackedOnMobile\":false,\"className\":\"alignwide\"} --><\/p>\n<div class=\"wp-block-media-text alignwide\" style=\"grid-template-columns: 24% auto;\">\n<figure class=\"wp-block-media-text__media\"><img loading=\"lazy\" class=\"alignnone wp-image-12419 size-full\" src=\"https:\/\/countydonegalfrs.ie\/glentiesfrs\/wp-content\/uploads\/2020\/10\/Glenties8.jpg\" alt=\"\" width=\"995\" height=\"700\" srcset=\"https:\/\/countydonegalfrs.ie\/glentiesfrs\/wp-content\/uploads\/2020\/10\/Glenties8.jpg 995w, https:\/\/countydonegalfrs.ie\/glentiesfrs\/wp-content\/uploads\/2020\/10\/Glenties8-300x211.jpg 300w, https:\/\/countydonegalfrs.ie\/glentiesfrs\/wp-content\/uploads\/2020\/10\/Glenties8-768x540.jpg 768w, https:\/\/countydonegalfrs.ie\/glentiesfrs\/wp-content\/uploads\/2020\/10\/Glenties8-400x281@2x.jpg 800w, https:\/\/countydonegalfrs.ie\/glentiesfrs\/wp-content\/uploads\/2020\/10\/Glenties8-615x433.jpg 615w, https:\/\/countydonegalfrs.ie\/glentiesfrs\/wp-content\/uploads\/2020\/10\/Glenties8-400x281.jpg 400w, https:\/\/countydonegalfrs.ie\/glentiesfrs\/wp-content\/uploads\/2020\/10\/Glenties8-292x205.jpg 292w, https:\/\/countydonegalfrs.ie\/glentiesfrs\/wp-content\/uploads\/2020\/10\/Glenties8-300x211@2x.jpg 600w, https:\/\/countydonegalfrs.ie\/glentiesfrs\/wp-content\/uploads\/2020\/10\/Glenties8-292x205@2x.jpg 584w\" sizes=\"(max-width: 995px) 100vw, 995px\" \/><\/figure>\n<div class=\"wp-block-media-text__content\">\n<p><!-- wp:paragraph --><\/p>\n<a href=\"https:\/\/countydonegalfrs.ie\/glentiesfrs\/wp-content\/uploads\/2025\/11\/Glenties-Newsletter_17_Irish.pdf\">Nuachlitir Na Gleannta SFT 17<\/a><br \/>\n<p>I Nuachtlitir 17 t\u00e1 an dara nuashonr\u00fa d\u00e9ag rath\u00fail a shol\u00e1thra\u00edonn faisn\u00e9is faoi ch\u00falra an staid\u00e9ir, c\u00e9im an staid\u00e9ir, tuairisc ar chl\u00e1r na Sc\u00e9ime agus na ch\u00e9ad ch\u00e9imeanna eile den tionscadal<\/p>\n<div>\n<p><!-- [if !supportAnnotations]--><\/p>\n<div>\n<div id=\"_com_1\" class=\"msocomtxt\">\n<p><!-- [if !supportAnnotations]--><\/p>\n<\/div>\n<p><!--[endif]--><\/p>\n<\/div>\n<\/div>\n<\/div>\n<\/div>\n<div class=\"wp-block-media-text alignwide\" style=\"grid-template-columns: 24% auto;\">\n<div class=\"wp-block-media-text__content\"><!-- \/wp:paragraph --><\/div>\n<\/div>\n<p><!-- \/wp:media-text --><\/p><\/div>\n\t\t\t\t<\/div>\n\t\t\t\t<\/div>\n\t\t\t\t\t\t<\/div>\n\t\t\t\t\t<\/div>\n\t\t<\/div>\n\t\t\t\t\t\t\t\t<\/div>\n\t\t\t\t\t<\/div>\n\t\t<\/section>\n\t\t\t\t\t\t<\/div>\n\t\t\t\t\t\t<\/div>\n\t\t\t\t\t<\/div>\n\t\t","protected":false},"excerpt":{"rendered":"<p>Nuachtlitreacha: D\u00e9anfar nuachtlitir tionscadail a uasl\u00f3d\u00e1il gach tr\u00ed mh\u00ed, ina mbeidh eolas ar ghn\u00edomha\u00edochta\u00ed a rinneadh le d\u00e9ana\u00ed, gn\u00edomha\u00edochta\u00ed at\u00e1 le teacht agus eolas \u00e1bhartha eile. Nuachlitir Na Gleannta SFT 01 I Nuachtlitir 1 t\u00e1 an ch\u00e9ad nuashonr\u00fa r\u00e1ithi\u00fail ina bhfuil eolas ar ch\u00falra an staid\u00e9ir, an ch\u00e9im ag a bhfuil an staid\u00e9ar, cur s\u00edos&#8230;<\/p>\n","protected":false},"author":6,"featured_media":0,"parent":0,"menu_order":0,"comment_status":"closed","ping_status":"closed","template":"","meta":[],"_links":{"self":[{"href":"https:\/\/countydonegalfrs.ie\/glentiesfrs\/index.php\/wp-json\/wp\/v2\/pages\/12566"}],"collection":[{"href":"https:\/\/countydonegalfrs.ie\/glentiesfrs\/index.php\/wp-json\/wp\/v2\/pages"}],"about":[{"href":"https:\/\/countydonegalfrs.ie\/glentiesfrs\/index.php\/wp-json\/wp\/v2\/types\/page"}],"author":[{"embeddable":true,"href":"https:\/\/countydonegalfrs.ie\/glentiesfrs\/index.php\/wp-json\/wp\/v2\/users\/6"}],"replies":[{"embeddable":true,"href":"https:\/\/countydonegalfrs.ie\/glentiesfrs\/index.php\/wp-json\/wp\/v2\/comments?post=12566"}],"version-history":[{"count":46,"href":"https:\/\/countydonegalfrs.ie\/glentiesfrs\/index.php\/wp-json\/wp\/v2\/pages\/12566\/revisions"}],"predecessor-version":[{"id":12906,"href":"https:\/\/countydonegalfrs.ie\/glentiesfrs\/index.php\/wp-json\/wp\/v2\/pages\/12566\/revisions\/12906"}],"wp:attachment":[{"href":"https:\/\/countydonegalfrs.ie\/glentiesfrs\/index.php\/wp-json\/wp\/v2\/media?parent=12566"}],"curies":[{"name":"wp","href":"https:\/\/api.w.org\/{rel}","templated":true}]}}